{"id":77906,"date":"2024-12-31T07:31:39","date_gmt":"2024-12-31T07:31:39","guid":{"rendered":"https:\/\/www.maslesvinyes.com\/?page_id=77906"},"modified":"2024-12-31T07:32:32","modified_gmt":"2024-12-31T07:32:32","slug":"alquiler-de-espacios-para-grupos","status":"publish","type":"page","link":"https:\/\/www.maslesvinyes.com\/es\/servicios\/alquiler-de-espacios-para-grupos\/","title":{"rendered":"Alquiler de espacios para grupos"},"content":{"rendered":"<div class=\"wpb-content-wrapper\"><p>[vc_row row_height_percent=\u00bb0&#8243; override_padding=\u00bbyes\u00bb h_padding=\u00bb2&#8243; top_padding=\u00bb5&#8243; bottom_padding=\u00bb5&#8243; back_color=\u00bbcolor-545454&#8243; back_image=\u00bb77250&#8243; kburns=\u00bbyes\u00bb overlay_color=\u00bbcolor-545454&#8243; overlay_alpha=\u00bb80&#8243; gutter_size=\u00bb3&#8243; column_width_percent=\u00bb100&#8243; shift_y=\u00bb0&#8243; z_index=\u00bb0&#8243; content_parallax=\u00bb0&#8243; uncode_shortcode_id=\u00bb164507&#8243; back_color_type=\u00bbuncode-palette\u00bb overlay_color_type=\u00bbuncode-palette\u00bb][vc_column column_width_percent=\u00bb100&#8243; position_vertical=\u00bbmiddle\u00bb gutter_size=\u00bb4&#8243; style=\u00bbdark\u00bb overlay_alpha=\u00bb50&#8243; shift_x=\u00bb0&#8243; shift_y=\u00bb0&#8243; shift_y_down=\u00bb0&#8243; z_index=\u00bb0&#8243; medium_width=\u00bb0&#8243; mobile_width=\u00bb0&#8243; width=\u00bb1\/1&#8243;][vc_row_inner row_inner_height_percent=\u00bb0&#8243; overlay_alpha=\u00bb50&#8243; gutter_size=\u00bb4&#8243; shift_y=\u00bb0&#8243; z_index=\u00bb0&#8243; limit_content=\u00bb\u00bb][vc_column_inner column_width_percent=\u00bb100&#8243; position_vertical=\u00bbbottom\u00bb gutter_size=\u00bb3&#8243; style=\u00bbdark\u00bb overlay_alpha=\u00bb50&#8243; shift_x=\u00bb0&#8243; shift_y=\u00bb0&#8243; shift_y_down=\u00bb0&#8243; z_index=\u00bb0&#8243; medium_width=\u00bb0&#8243; mobile_width=\u00bb0&#8243; width=\u00bb6\/12&#8243;][vc_custom_heading heading_semantic=\u00bbh3&#8243; text_size=\u00bbfontsize-338686&#8243; text_height=\u00bbfontheight-179065&#8243; uncode_shortcode_id=\u00bb171165&#8243; subheading=\u00bbEn un entorno \u00fanico e integrado en la naturaleza\u00bb]Alquiler de espacios para grupos[\/vc_custom_heading][\/vc_column_inner][vc_column_inner column_width_percent=\u00bb100&#8243; position_horizontal=\u00bbleft\u00bb position_vertical=\u00bbbottom\u00bb gutter_size=\u00bb2&#8243; style=\u00bbdark\u00bb overlay_alpha=\u00bb0&#8243; shift_x=\u00bb0&#8243; shift_y=\u00bb0&#8243; shift_y_down=\u00bb0&#8243; z_index=\u00bb0&#8243; medium_width=\u00bb0&#8243; mobile_width=\u00bb0&#8243; width=\u00bb3\/12&#8243;][uncode_counter value=\u00bb1734&#8243; counter_color=\u00bb\u00bb size=\u00bbfontsize-155944&#8243; weight=\u00bb700&#8243; height=\u00bbfontheight-179065&#8243; uncode_shortcode_id=\u00bb198388&#8243; suffix=\u00bbd.c.\u00bb][vc_column_text uncode_shortcode_id=\u00bb174702&#8243;]Es el a\u00f1o de construcci\u00f3n de la mas\u00eda tradicional catalana[\/vc_column_text][\/vc_column_inner][vc_column_inner column_width_percent=\u00bb100&#8243; position_vertical=\u00bbbottom\u00bb gutter_size=\u00bb2&#8243; style=\u00bbdark\u00bb overlay_alpha=\u00bb50&#8243; shift_x=\u00bb0&#8243; shift_y=\u00bb0&#8243; shift_y_down=\u00bb0&#8243; z_index=\u00bb0&#8243; medium_width=\u00bb0&#8243; mobile_width=\u00bb0&#8243; width=\u00bb3\/12&#8243;][uncode_counter value=\u00bb25&#8243; counter_color=\u00bb\u00bb size=\u00bbfontsize-155944&#8243; weight=\u00bb700&#8243; height=\u00bbfontheight-179065&#8243; suffix=\u00bbhas.\u00bb uncode_shortcode_id=\u00bb176747&#8243;][vc_column_text uncode_shortcode_id=\u00bb547999&#8243;]hect\u00e1reas que gestionamos de forma regenerativa y ecol\u00f3gica.[\/vc_column_text][\/vc_column_inner][\/vc_row_inner][vc_separator sep_color=\u00bb,Default\u00bb][vc_row_inner row_inner_height_percent=\u00bb0&#8243; overlay_alpha=\u00bb50&#8243; equal_height=\u00bbyes\u00bb gutter_size=\u00bb3&#8243; shift_y=\u00bb0&#8243; z_index=\u00bb0&#8243; limit_content=\u00bb\u00bb][vc_column_inner column_width_percent=\u00bb100&#8243; gutter_size=\u00bb2&#8243; style=\u00bbdark\u00bb overlay_alpha=\u00bb50&#8243; shift_x=\u00bb0&#8243; shift_y=\u00bb0&#8243; shift_y_down=\u00bb0&#8243; z_index=\u00bb0&#8243; medium_width=\u00bb0&#8243; mobile_width=\u00bb7&#8243; width=\u00bb1\/3&#8243;][vc_icon position=\u00bbleft\u00bb title_aligned_icon=\u00bbyes\u00bb icon=\u00bbfa fa-bed\u00bb size=\u00bbfa-4x\u00bb text_size=\u00bbh4&#8243; add_margin=\u00bbyes\u00bb title=\u00bbAlojamiento\u00bb uncode_shortcode_id=\u00bb896616&#8243;]24 plazas para dormir en camas individuales en habitaciones compartidas.[\/vc_icon][\/vc_column_inner][vc_column_inner column_width_percent=\u00bb100&#8243; gutter_size=\u00bb2&#8243; style=\u00bbdark\u00bb overlay_alpha=\u00bb10&#8243; shift_x=\u00bb0&#8243; shift_y=\u00bb0&#8243; shift_y_down=\u00bb0&#8243; z_index=\u00bb0&#8243; medium_width=\u00bb0&#8243; mobile_width=\u00bb7&#8243; width=\u00bb1\/3&#8243;][vc_icon position=\u00bbleft\u00bb title_aligned_icon=\u00bbyes\u00bb icon=\u00bbfa fa-dinner\u00bb size=\u00bbfa-4x\u00bb text_size=\u00bbh4&#8243; add_margin=\u00bbyes\u00bb title=\u00bbComida\u00bb uncode_shortcode_id=\u00bb145344&#8243;]Servicio de cocina ecol\u00f3gica de producci\u00f3n propia para un m\u00e1ximo de 80 personas.[\/vc_icon][\/vc_column_inner][vc_column_inner column_width_percent=\u00bb100&#8243; gutter_size=\u00bb2&#8243; style=\u00bbdark\u00bb overlay_alpha=\u00bb50&#8243; shift_x=\u00bb0&#8243; shift_y=\u00bb0&#8243; shift_y_down=\u00bb0&#8243; z_index=\u00bb0&#8243; medium_width=\u00bb0&#8243; mobile_width=\u00bb7&#8243; width=\u00bb1\/3&#8243;][vc_icon position=\u00bbleft\u00bb title_aligned_icon=\u00bbyes\u00bb icon=\u00bbfa fa-recycle2&#8243; size=\u00bbfa-4x\u00bb text_size=\u00bbh4&#8243; add_margin=\u00bbyes\u00bb title=\u00bbSostenibilidad\u00bb uncode_shortcode_id=\u00bb151884&#8243;]Energ\u00eda solar, calefacci\u00f3n con le\u00f1a, espacios realizados con bioconstrucci\u00f3n, recogida de aguas, balsas de depuraci\u00f3n, etc.[\/vc_icon][\/vc_column_inner][\/vc_row_inner][vc_row_inner row_inner_height_percent=\u00bb0&#8243; overlay_alpha=\u00bb50&#8243; equal_height=\u00bbyes\u00bb gutter_size=\u00bb3&#8243; shift_y=\u00bb0&#8243; z_index=\u00bb0&#8243; limit_content=\u00bb\u00bb][vc_column_inner column_width_percent=\u00bb100&#8243; gutter_size=\u00bb2&#8243; style=\u00bbdark\u00bb overlay_alpha=\u00bb50&#8243; shift_x=\u00bb0&#8243; shift_y=\u00bb0&#8243; shift_y_down=\u00bb0&#8243; z_index=\u00bb0&#8243; medium_width=\u00bb0&#8243; mobile_width=\u00bb7&#8243; width=\u00bb1\/3&#8243;][vc_icon position=\u00bbleft\u00bb title_aligned_icon=\u00bbyes\u00bb icon=\u00bbfa fa-suitcase\u00bb size=\u00bbfa-4x\u00bb text_size=\u00bbh4&#8243; add_margin=\u00bbyes\u00bb title=\u00bbActividades\u00bb uncode_shortcode_id=\u00bb950165&#8243;]Disponemos de 4 espacios polivalentes donde realizar actividades, m\u00e1s los exteriores y la posibilidad de contratar una charla o taller.[\/vc_icon][\/vc_column_inner][vc_column_inner column_width_percent=\u00bb100&#8243; gutter_size=\u00bb2&#8243; style=\u00bbdark\u00bb overlay_alpha=\u00bb10&#8243; shift_x=\u00bb0&#8243; shift_y=\u00bb0&#8243; shift_y_down=\u00bb0&#8243; z_index=\u00bb0&#8243; medium_width=\u00bb0&#8243; mobile_width=\u00bb7&#8243; width=\u00bb1\/3&#8243;][vc_icon position=\u00bbleft\u00bb title_aligned_icon=\u00bbyes\u00bb icon=\u00bbfa fa-tree\u00bb size=\u00bbfa-4x\u00bb text_size=\u00bbh4&#8243; add_margin=\u00bbyes\u00bb title=\u00bbEntorno\u00bb uncode_shortcode_id=\u00bb982886&#8243;]En el Llu\u00e7an\u00e8s, en una mas\u00eda tradicional catalana de 1700 con animales, huertas y frutales[\/vc_icon][\/vc_column_inner][vc_column_inner column_width_percent=\u00bb100&#8243; gutter_size=\u00bb2&#8243; style=\u00bbdark\u00bb overlay_alpha=\u00bb50&#8243; shift_x=\u00bb0&#8243; shift_y=\u00bb0&#8243; shift_y_down=\u00bb0&#8243; z_index=\u00bb0&#8243; medium_width=\u00bb0&#8243; mobile_width=\u00bb7&#8243; width=\u00bb1\/3&#8243;][vc_icon position=\u00bbleft\u00bb title_aligned_icon=\u00bbyes\u00bb icon=\u00bbfa fa-profile-male\u00bb size=\u00bbfa-4x\u00bb text_size=\u00bbh4&#8243; add_margin=\u00bbyes\u00bb title=\u00bbServicios\u00bb uncode_shortcode_id=\u00bb976449&#8243;]Internet y wi-fi, aparcamiento, zona de acampada y aseos exteriores[\/vc_icon][\/vc_column_inner][\/vc_row_inner][\/vc_column][\/vc_row][vc_row row_height_percent=\u00bb100&#8243; override_padding=\u00bbyes\u00bb h_padding=\u00bb2&#8243; top_padding=\u00bb5&#8243; bottom_padding=\u00bb5&#8243; back_color=\u00bbcolor-xsdn\u00bb overlay_alpha=\u00bb50&#8243; gutter_size=\u00bb3&#8243; column_width_percent=\u00bb100&#8243; shift_y=\u00bb0&#8243; z_index=\u00bb0&#8243; content_parallax=\u00bb0&#8243; uncode_shortcode_id=\u00bb504107&#8243; back_color_type=\u00bbuncode-palette\u00bb el_class=\u00bbdemo-section demo-dark-background\u00bb][vc_column column_width_percent=\u00bb100&#8243; position_vertical=\u00bbmiddle\u00bb align_horizontal=\u00bbalign_center\u00bb gutter_size=\u00bb3&#8243; style=\u00bbdark\u00bb overlay_alpha=\u00bb50&#8243; shift_x=\u00bb0&#8243; shift_y=\u00bb0&#8243; shift_y_down=\u00bb0&#8243; z_index=\u00bb0&#8243; medium_width=\u00bb0&#8243; mobile_width=\u00bb0&#8243; width=\u00bb1\/1&#8243; uncode_shortcode_id=\u00bb193491&#8243;][vc_gallery el_id=\u00bbgallery-21128018&#8243; medias=\u00bb77406,77390,77088,77250,77067,77076,77037,77399,77396,77403,77412,77414,77416,77418,77424&#8243; gutter_size=\u00bb2&#8243; screen_lg=\u00bb1000&#8243; screen_md=\u00bb600&#8243; screen_sm=\u00bb480&#8243; single_overlay_color=\u00bbcolor-jevc\u00bb single_overlay_opacity=\u00bb15&#8243; single_image_anim=\u00bbno\u00bb single_h_align=\u00bbcenter\u00bb single_padding=\u00bb2&#8243; single_icon=\u00bbfa fa-plus2&#8243; single_shadow=\u00bbyes\u00bb shadow_weight=\u00bbxl\u00bb shadow_darker=\u00bbyes\u00bb single_border=\u00bbyes\u00bb single_css_animation=\u00bbzoom-in\u00bb lbox_no_arrows=\u00bbyes\u00bb horizontal_th_size=\u00bbvh\u00bb uncode_shortcode_id=\u00bb145355&#8243;][\/vc_column][\/vc_row][vc_row unlock_row_content=\u00bbyes\u00bb row_height_percent=\u00bb0&#8243; override_padding=\u00bbyes\u00bb h_padding=\u00bb0&#8243; top_padding=\u00bb0&#8243; bottom_padding=\u00bb0&#8243; overlay_alpha=\u00bb50&#8243; equal_height=\u00bbyes\u00bb gutter_size=\u00bb0&#8243; column_width_percent=\u00bb100&#8243; shift_y=\u00bb0&#8243; z_index=\u00bb0&#8243; uncode_shortcode_id=\u00bb938548&#8243;][vc_column column_width_percent=\u00bb100&#8243; position_vertical=\u00bbmiddle\u00bb gutter_size=\u00bb3&#8243; override_padding=\u00bbyes\u00bb column_padding=\u00bb5&#8243; style=\u00bbdark\u00bb back_color=\u00bbcolor-wvjs\u00bb overlay_alpha=\u00bb50&#8243; shift_x=\u00bb0&#8243; shift_y=\u00bb0&#8243; shift_y_down=\u00bb0&#8243; z_index=\u00bb0&#8243; medium_width=\u00bb0&#8243; mobile_width=\u00bb0&#8243; width=\u00bb1\/2&#8243; uncode_shortcode_id=\u00bb122389&#8243; back_color_type=\u00bbuncode-palette\u00bb][vc_custom_heading heading_semantic=\u00bbh3&#8243; uncode_shortcode_id=\u00bb139119&#8243;]\u00bfTe ayudamos con una charla, taller o formaci\u00f3n?[\/vc_custom_heading][vc_custom_heading heading_semantic=\u00bbh4&#8243; text_size=\u00bbh4&#8243; text_weight=\u00bb400&#8243; text_height=\u00bbfontheight-357766&#8243; uncode_shortcode_id=\u00bb541997&#8243;]Te ofrecemos la posibilidad de contratar charlas y talleres sobre introducci\u00f3n a la permacultura, sostenibilidad y escenarios de futuro, cocina, agricultura regenerativa, gesti\u00f3n de animales con manejo hol\u00edstico, etc. Cont\u00e1ctanos para saber m\u00e1s.[\/vc_custom_heading][\/vc_column][vc_column column_width_percent=\u00bb100&#8243; position_vertical=\u00bbmiddle\u00bb align_horizontal=\u00bbalign_center\u00bb gutter_size=\u00bb0&#8243; override_padding=\u00bbyes\u00bb column_padding=\u00bb0&#8243; style=\u00bbdark\u00bb back_color=\u00bbaccent\u00bb overlay_alpha=\u00bb50&#8243; shift_x=\u00bb0&#8243; shift_y=\u00bb0&#8243; shift_y_down=\u00bb0&#8243; z_index=\u00bb0&#8243; medium_width=\u00bb0&#8243; mobile_width=\u00bb0&#8243; width=\u00bb1\/2&#8243; uncode_shortcode_id=\u00bb156921&#8243; back_color_type=\u00bbuncode-palette\u00bb][vc_single_image media=\u00bb76696&#8243; media_width_percent=\u00bb100&#8243; media_ratio=\u00bbsixteen-nine\u00bb alignment=\u00bbcenter\u00bb uncode_shortcode_id=\u00bb625595&#8243;][vc_row_inner limit_content=\u00bb\u00bb][vc_column_inner column_width_percent=\u00bb100&#8243; align_horizontal=\u00bbalign_center\u00bb gutter_size=\u00bb3&#8243; override_padding=\u00bbyes\u00bb column_padding=\u00bb5&#8243; style=\u00bbdark\u00bb overlay_alpha=\u00bb50&#8243; shift_x=\u00bb0&#8243; shift_y=\u00bb0&#8243; shift_y_down=\u00bb0&#8243; z_index=\u00bb0&#8243; medium_width=\u00bb0&#8243; mobile_width=\u00bb0&#8243; width=\u00bb1\/1&#8243; uncode_shortcode_id=\u00bb103052&#8243;][vc_button border_width=\u00bb0&#8243; scale_mobile=\u00bbno\u00bb uncode_shortcode_id=\u00bb934617&#8243; link=\u00bburl:https%3A%2F%2Fwww.maslesvinyes.com%2Fes%2Fcontactar%2F|title:Contacta%20amb%20nosaltres\u00bb]Cont\u00e1ctanos[\/vc_button][\/vc_column_inner][\/vc_row_inner][\/vc_column][\/vc_row][vc_row row_height_percent=\u00bb0&#8243; override_padding=\u00bbyes\u00bb h_padding=\u00bb2&#8243; top_padding=\u00bb5&#8243; bottom_padding=\u00bb5&#8243; back_color=\u00bbcolor-gyho\u00bb overlay_alpha=\u00bb50&#8243; gutter_size=\u00bb3&#8243; column_width_percent=\u00bb100&#8243; shift_y=\u00bb0&#8243; z_index=\u00bb0&#8243; bottom_divider=\u00bbhills\u00bb uncode_shortcode_id=\u00bb364722&#8243; back_color_type=\u00bbuncode-palette\u00bb][vc_column column_width_percent=\u00bb100&#8243; gutter_size=\u00bb4&#8243; overlay_alpha=\u00bb50&#8243; shift_x=\u00bb0&#8243; shift_y=\u00bb0&#8243; shift_y_down=\u00bb0&#8243; z_index=\u00bb0&#8243; medium_width=\u00bb0&#8243; mobile_width=\u00bb0&#8243; width=\u00bb1\/1&#8243; uncode_shortcode_id=\u00bb527809&#8243;][vc_row_inner row_inner_height_percent=\u00bb0&#8243; overlay_alpha=\u00bb50&#8243; equal_height=\u00bbyes\u00bb gutter_size=\u00bb2&#8243; shift_y=\u00bb0&#8243; z_index=\u00bb0&#8243; limit_content=\u00bb\u00bb uncode_shortcode_id=\u00bb129526&#8243;][vc_column_inner column_width_percent=\u00bb100&#8243; position_vertical=\u00bbmiddle\u00bb gutter_size=\u00bb0&#8243; override_padding=\u00bbyes\u00bb column_padding=\u00bb3&#8243; back_color=\u00bbcolor-xsdn\u00bb overlay_alpha=\u00bb50&#8243; radius=\u00bbstd\u00bb shadow=\u00bbstd\u00bb shift_x=\u00bb0&#8243; shift_y=\u00bb0&#8243; shift_y_down=\u00bb0&#8243; z_index=\u00bb0&#8243; medium_width=\u00bb0&#8243; mobile_width=\u00bb0&#8243; width=\u00bb1\/3&#8243; uncode_shortcode_id=\u00bb538115&#8243; back_color_type=\u00bbuncode-palette\u00bb][vc_custom_heading text_size=\u00bbh3&#8243; uncode_shortcode_id=\u00bb733240&#8243;]Alojamiento con pensi\u00f3n completa[\/vc_custom_heading][vc_custom_heading text_size=\u00bbfontsize-155944&#8243; uncode_shortcode_id=\u00bb202811&#8243;]55\u20ac\/p[\/vc_custom_heading][vc_empty_space][uncode_list icon=\u00bbfa fa-check-circle\u00bb uncode_shortcode_id=\u00bb445990&#8243;]<\/p>\n<ul>\n<li>Comidas ecol\u00f3gicas de producci\u00f3n propia<\/li>\n<li>Alojamiento en habitaciones compartidas<\/li>\n<li>Acceso a las salas de actividades y espacios exteriores<\/li>\n<li>M\u00ednimo de 10 personas y m\u00e1ximo de 24 personas<\/li>\n<\/ul>\n<p>[\/uncode_list][vc_empty_space][vc_button button_color=\u00bbaccent\u00bb radius=\u00bbbtn-circle\u00bb custom_typo=\u00bbyes\u00bb font_family=\u00bbfont-202503&#8243; font_weight=\u00bb100&#8243; border_width=\u00bb0&#8243; order_width=\u00bb0&#8243; uncode_shortcode_id=\u00bb180156&#8243; link=\u00bburl:https%3A%2F%2Fwww.maslesvinyes.com%2Fes%2Fcontactar%2F|title:Contacta%20amb%20nosaltres\u00bb button_color_type=\u00bbuncode-palette\u00bb]Cont\u00e1ctanos para reservar[\/vc_button][\/vc_column_inner][vc_column_inner column_width_percent=\u00bb100&#8243; gutter_size=\u00bb0&#8243; override_padding=\u00bbyes\u00bb column_padding=\u00bb3&#8243; back_color=\u00bbcolor-xsdn\u00bb overlay_alpha=\u00bb50&#8243; radius=\u00bbstd\u00bb shadow=\u00bbstd\u00bb shift_x=\u00bb0&#8243; shift_y=\u00bb0&#8243; shift_y_down=\u00bb0&#8243; z_index=\u00bb6&#8243; medium_width=\u00bb0&#8243; mobile_width=\u00bb0&#8243; width=\u00bb1\/3&#8243; uncode_shortcode_id=\u00bb115922&#8243; back_color_type=\u00bbuncode-palette\u00bb][vc_custom_heading text_size=\u00bbh3&#8243; uncode_shortcode_id=\u00bb211697&#8243;]Escapada de un d\u00eda[\/vc_custom_heading][vc_custom_heading text_size=\u00bbfontsize-155944&#8243; uncode_shortcode_id=\u00bb212148&#8243;]30\u20ac\/p[\/vc_custom_heading][vc_empty_space][uncode_list icon=\u00bbfa fa-check-circle\u00bb uncode_shortcode_id=\u00bb993826&#8243;]<\/p>\n<ul>\n<li>Almuerzo ecol\u00f3gico y casero de producci\u00f3n propia<\/li>\n<li>Acceso a salas de actividades y espacios exteriores<\/li>\n<li>M\u00ednimo de 10 personas y m\u00e1ximo de 60 personas<\/li>\n<\/ul>\n<p>[\/uncode_list][vc_empty_space][vc_button button_color=\u00bbaccent\u00bb radius=\u00bbbtn-circle\u00bb custom_typo=\u00bbyes\u00bb font_family=\u00bbfont-202503&#8243; font_weight=\u00bb100&#8243; border_width=\u00bb0&#8243; order_width=\u00bb0&#8243; uncode_shortcode_id=\u00bb180156&#8243; link=\u00bburl:https%3A%2F%2Fwww.maslesvinyes.com%2Fes%2Fcontactar%2F|title:Contacta%20amb%20nosaltres\u00bb button_color_type=\u00bbuncode-palette\u00bb]Cont\u00e1ctanos para reservar[\/vc_button][\/vc_column_inner][vc_column_inner column_width_percent=\u00bb100&#8243; position_vertical=\u00bbmiddle\u00bb gutter_size=\u00bb0&#8243; override_padding=\u00bbyes\u00bb column_padding=\u00bb3&#8243; back_color=\u00bbcolor-xsdn\u00bb overlay_alpha=\u00bb50&#8243; radius=\u00bbstd\u00bb shadow=\u00bbstd\u00bb shift_x=\u00bb0&#8243; shift_y=\u00bb0&#8243; shift_y_down=\u00bb0&#8243; z_index=\u00bb0&#8243; medium_width=\u00bb0&#8243; mobile_width=\u00bb0&#8243; width=\u00bb1\/3&#8243; uncode_shortcode_id=\u00bb582043&#8243; back_color_type=\u00bbuncode-palette\u00bb][vc_custom_heading text_size=\u00bbh3&#8243; uncode_shortcode_id=\u00bb823159&#8243;]Charlas a medida[\/vc_custom_heading][vc_custom_heading text_size=\u00bbfontsize-155944&#8243; uncode_shortcode_id=\u00bb128507&#8243;]15\u20ac\/p[\/vc_custom_heading][vc_empty_space][uncode_list icon=\u00bbfa fa-check-circle\u00bb uncode_shortcode_id=\u00bb117846&#8243;]<\/p>\n<ul>\n<li>Infusi\u00f3n<\/li>\n<li>M\u00ednimo de 15 personas<\/li>\n<li>M\u00e1ximo de 35 personas<\/li>\n<li>Merienda o desayuno opcional a consultar<\/li>\n<li>Consulta el listado de charlas y talleres que ofrecemos<\/li>\n<\/ul>\n<p>[\/uncode_list][vc_empty_space][vc_button button_color=\u00bbaccent\u00bb radius=\u00bbbtn-circle\u00bb custom_typo=\u00bbyes\u00bb font_family=\u00bbfont-202503&#8243; font_weight=\u00bb100&#8243; border_width=\u00bb0&#8243; order_width=\u00bb0&#8243; uncode_shortcode_id=\u00bb180156&#8243; link=\u00bburl:https%3A%2F%2Fwww.maslesvinyes.com%2Fes%2Fcontactar%2F|title:Contacta%20amb%20nosaltres\u00bb button_color_type=\u00bbuncode-palette\u00bb]Cont\u00e1ctanos para reservar[\/vc_button][\/vc_column_inner][\/vc_row_inner][\/vc_column][\/vc_row]<\/p>\n<\/div>","protected":false},"excerpt":{"rendered":"<p>[vc_row row_height_percent=\u00bb0&#8243; override_padding=\u00bbyes\u00bb h_padding=\u00bb2&#8243; top_padding=\u00bb5&#8243; bottom_padding=\u00bb5&#8243; back_color=\u00bbcolor-545454&#8243; back_image=\u00bb77250&#8243; kburns=\u00bbyes\u00bb overlay_color=\u00bbcolor-545454&#8243; overlay_alpha=\u00bb80&#8243; gutter_size=\u00bb3&#8243; column_width_percent=\u00bb100&#8243; shift_y=\u00bb0&#8243; z_index=\u00bb0&#8243; content_parallax=\u00bb0&#8243; uncode_shortcode_id=\u00bb164507&#8243; back_color_type=\u00bbuncode-palette\u00bb overlay_color_type=\u00bbuncode-palette\u00bb][vc_column column_width_percent=\u00bb100&#8243; [&hellip;]<\/p>\n","protected":false},"author":1,"featured_media":77413,"parent":77272,"menu_order":0,"comment_status":"closed","ping_status":"closed","template":"","meta":{"footnotes":""},"class_list":["post-77906","page","type-page","status-publish","has-post-thumbnail","hentry"],"_links":{"self":[{"href":"https:\/\/www.maslesvinyes.com\/es\/wp-json\/wp\/v2\/pages\/77906","targetHints":{"allow":["GET"]}}],"collection":[{"href":"https:\/\/www.maslesvinyes.com\/es\/wp-json\/wp\/v2\/pages"}],"about":[{"href":"https:\/\/www.maslesvinyes.com\/es\/wp-json\/wp\/v2\/types\/page"}],"author":[{"embeddable":true,"href":"https:\/\/www.maslesvinyes.com\/es\/wp-json\/wp\/v2\/users\/1"}],"replies":[{"embeddable":true,"href":"https:\/\/www.maslesvinyes.com\/es\/wp-json\/wp\/v2\/comments?post=77906"}],"version-history":[{"count":3,"href":"https:\/\/www.maslesvinyes.com\/es\/wp-json\/wp\/v2\/pages\/77906\/revisions"}],"predecessor-version":[{"id":77909,"href":"https:\/\/www.maslesvinyes.com\/es\/wp-json\/wp\/v2\/pages\/77906\/revisions\/77909"}],"up":[{"embeddable":true,"href":"https:\/\/www.maslesvinyes.com\/es\/wp-json\/wp\/v2\/pages\/77272"}],"wp:featuredmedia":[{"embeddable":true,"href":"https:\/\/www.maslesvinyes.com\/es\/wp-json\/wp\/v2\/media\/77413"}],"wp:attachment":[{"href":"https:\/\/www.maslesvinyes.com\/es\/wp-json\/wp\/v2\/media?parent=77906"}],"curies":[{"name":"wp","href":"https:\/\/api.w.org\/{rel}","templated":true}]}}