{"id":75345,"date":"2019-02-21T06:13:43","date_gmt":"2019-02-21T06:13:43","guid":{"rendered":"http:\/\/www.maslesvinyes.com\/?post_type=portfolio&#038;p=75345"},"modified":"2019-02-21T06:21:23","modified_gmt":"2019-02-21T06:21:23","slug":"foresteria-analoga-en-el-campo-de-oeste","status":"publish","type":"portfolio","link":"https:\/\/www.maslesvinyes.com\/es\/portfolio\/foresteria-analoga-en-el-campo-de-oeste\/","title":{"rendered":"Forester\u00eda an\u00e1loga en el campo de Oeste"},"content":{"rendered":"<div class=\"wpb-content-wrapper\"><p>[vc_row][vc_column width=\u00bb2\/3&#8243;][vc_column_text border_color=\u00bbcolor-uydo\u00bb border_style=\u00bbdotted\u00bb css=\u00bb.vc_custom_1545807344005{padding-top: 10px !important;padding-right: 10px !important;padding-bottom: 10px !important;padding-left: 10px !important;}\u00bb]<small><strong>Zonificaci\u00f3n:<\/strong> Zona 2<br \/>\n<strong>Orientaci\u00f3n:<\/strong> Oeste<br \/>\n<strong>Campo:<\/strong>\u00a0Oeste<br \/>\n<strong>Sectores:<\/strong>\u00a0Peligro de incendio, Vientos fuertes<\/small>[\/vc_column_text][vc_column_text]<strong>Un campo productivo y diverso que permite el estudio y replica de diferentes estrategias regenerativas. Por un lado, un proyecto de forester\u00eda an\u00e1loga; por la otra, producci\u00f3n de pollos mediante manejo hol\u00edstico. Por \u00faltimo, producci\u00f3n de miel con nuestras abejas.<\/strong><\/p>\n<p>Mediante la Fundaci\u00f3n FIRE (Fundaci\u00f3n Internacional para la Restauraci\u00f3n de los Ecosistemas) hemos participado en el dise\u00f1o e implementaci\u00f3n de un proyecto de forester\u00eda an\u00e1loga con m\u00e1s de 500 ejemplares, junto con miembros del Comit\u00e9 de Expertos para el Desarrollo de la FA en el Mediterr\u00e1neo . La forester\u00eda an\u00e1loga es una estrategia de producci\u00f3n de comida mediante el estudio de la simbiosis y cl\u00edmax de la vegetaci\u00f3n de la zona. Por tanto, una vez se ha estudiado el bosque cercano donde vamos a hacer la actuaci\u00f3n, detectamos qu\u00e9 estratos y vegetaci\u00f3n est\u00e1n presentes a fin de crear una estructura similar con especies que nos ofrezcan rendimientos productivos y, al mismo tiempo, planta aut\u00f3ctona de vital importancia para nuestro ecosistema.<\/p>\n<p>En este caso hemos trabajado en un campo donde antiguamente hab\u00eda habido pasto de nuestros corderos y actualmente producci\u00f3n de pollo y miel. El proyecto busca incrementar el rendimiento productivo de la parcela a\u00f1adiendo frutos (pascuas, manzana, ciruela, albaricoque, feijoa, almendra, frambuesas, pistachos, bellotas dulces, etc), minimizando las aportaciones exteriores y potenciando la simbiosis de especies.<\/p>\n<p>Mediante un acuerdo de custodia buscamos otros objetivos como son el estudio de la adaptaci\u00f3n al cambio clim\u00e1tico de las diferentes especies, la creaci\u00f3n de suelo f\u00e9rtil, el rendimiento econ\u00f3mico y la aplicaci\u00f3n de tecnolog\u00edas agr\u00edcolas de bajas necesidades energ\u00e9ticas como el biochar, o el dise\u00f1o en l\u00ednea clave. El acuerdo de custodia forma parte del proyecto \u00abForest An\u00e1loga para la Restauraci\u00f3n Ecol\u00f3gica de la Regi\u00f3n Mediterr\u00e1nea\u00bb que cuenta con el apoyo del Ministerio para la Transici\u00f3n Ecol\u00f3gica a trav\u00e9s de la Fundaci\u00f3n Biodiversidad.<\/p>\n<p>[\/vc_column_text][vc_column_text]<\/p>\n<p><a href=\"http:\/\/www.maslesvinyes.com\/wp-content\/uploads\/2018\/12\/food-forest-segell.png\"><img decoding=\"async\" class=\"aligncenter size-full wp-image-74091\" src=\"http:\/\/www.maslesvinyes.com\/wp-content\/uploads\/2018\/12\/food-forest-segell.png\" alt=\"\" width=\"300\" height=\"281\" \/><\/a><\/p>\n<p>Los productos hechos en este campo tienen el sello Forest Garden Products. Esta es una certificaci\u00f3n obtenida por la producci\u00f3n en patrones acreditados de forester\u00eda an\u00e1loga, que incrementan la biodiversidad de los ecosistemas que no dependen de qu\u00edmicos externos y que siguen las normativas ecol\u00f3gicas.[\/vc_column_text][vc_gallery el_id=\u00bbgallery-242130&#8243; medias=\u00bb74226,74223,74224,74225,74227,74228,74229&#8243; style_preset=\u00bbmetro\u00bb gutter_size=\u00bb3&#8243; screen_lg=\u00bb1000&#8243; screen_md=\u00bb600&#8243; screen_sm=\u00bb480&#8243; single_overlay_opacity=\u00bb50&#8243; single_padding=\u00bb2&#8243;][vc_column_text]<\/p>\n<h3>Videos relacionados<\/h3>\n<div class=\"lyte-wrapper fourthree\" title=\"Playlist: Forester&iacute;a an&aacute;loga\" style=\"width:640px;max-width:100%;margin:5px;\"><div class=\"lyMe playlist\" id=\"WYL_PLLWGeJuunHpfyN-EKZZdLKfMpZ-qV7SuY\"><div id=\"lyte_PLLWGeJuunHpfyN-EKZZdLKfMpZ-qV7SuY\" data-src=\"https:\/\/www.maslesvinyes.com\/wp-content\/plugins\/wp-youtube-lyte\/lyteCache.php?origThumbUrl=https%3A%2F%2Fi.ytimg.com%2Fvi%2FhCPK3LMudwU%2Fhqdefault.jpg\" class=\"pL\"><div class=\"tC\"><div class=\"tT\">Playlist: Forester\u00eda an\u00e1loga<\/div><\/div><div class=\"play\"><\/div><div class=\"ctrl\"><div class=\"Lctrl\"><\/div><div class=\"Rctrl\"><\/div><\/div><\/div><noscript><a href=\"https:\/\/youtube.com\/playlist?list=PLLWGeJuunHpfyN-EKZZdLKfMpZ-qV7SuY\" rel=\"nofollow noopener\"><br \/>Ver esta lista de reproducci\u00f3n en YouTube<\/a><\/noscript><\/div><\/div> column_width_percent=\u00bb100&#8243; back_color=\u00bbcolor-lxmt\u00bb overlay_alpha=\u00bb50&#8243; gutter_size=\u00bb3&#8243; medium_width=\u00bb0&#8243; mobile_width=\u00bb0&#8243; shift_x=\u00bb0&#8243; shift_y=\u00bb0&#8243; shift_y_down=\u00bb0&#8243; z_index=\u00bb0&#8243; width=\u00bb1\/3&#8243;][vc_icon icon=\u00bbfa fa-plus\u00bb background_style=\u00bbfa-rounded\u00bb title=\u00bbPositivo\u00bb]La relaci\u00f3n entre los m\u00faltiples sistemas de la parcela: forester\u00eda an\u00e1loga, producci\u00f3n de pollos, abejas y pastos para las ovejas[\/vc_icon][vc_icon icon=\u00bbfa fa-minus\u00bb background_style=\u00bbfa-rounded\u00bb title=\u00bbNegativo\u00bb]El mantenimiento de los alcorques los primeros a\u00f1os[\/vc_icon][vc_icon icon=\u00bbfa fa-question\u00bb background_style=\u00bbfa-rounded\u00bb title=\u00bbInteresante\u00bb]La diversificaci\u00f3n de la producci\u00f3n de fruta[\/vc_icon][\/vc_column][\/vc_row]<\/p>\n<\/div>","protected":false},"excerpt":{"rendered":"<p>[vc_row][vc_column width=\u00bb2\/3&#8243;][vc_column_text border_color=\u00bbcolor-uydo\u00bb border_style=\u00bbdotted\u00bb css=\u00bb.vc_custom_1545807344005{padding-top: 10px !important;padding-right: 10px !important;padding-bottom: 10px !important;padding-left: 10px !important;}\u00bb]Zonificaci\u00f3n: Zona 2 Orientaci\u00f3n: Oeste Campo:\u00a0Oeste Sectores:\u00a0Peligro de [&hellip;]<\/p>\n","protected":false},"author":1,"featured_media":74060,"parent":0,"menu_order":0,"comment_status":"open","ping_status":"open","template":"","meta":{"footnotes":""},"portfolio_category":[536,532,534],"class_list":["post-75345","portfolio","type-portfolio","status-publish","has-post-thumbnail","hentry","portfolio_category-manejo-holistico","portfolio_category-bosques-de-alimentos","portfolio_category-fruticultura"],"_links":{"self":[{"href":"https:\/\/www.maslesvinyes.com\/es\/wp-json\/wp\/v2\/portfolio\/75345","targetHints":{"allow":["GET"]}}],"collection":[{"href":"https:\/\/www.maslesvinyes.com\/es\/wp-json\/wp\/v2\/portfolio"}],"about":[{"href":"https:\/\/www.maslesvinyes.com\/es\/wp-json\/wp\/v2\/types\/portfolio"}],"author":[{"embeddable":true,"href":"https:\/\/www.maslesvinyes.com\/es\/wp-json\/wp\/v2\/users\/1"}],"replies":[{"embeddable":true,"href":"https:\/\/www.maslesvinyes.com\/es\/wp-json\/wp\/v2\/comments?post=75345"}],"version-history":[{"count":0,"href":"https:\/\/www.maslesvinyes.com\/es\/wp-json\/wp\/v2\/portfolio\/75345\/revisions"}],"wp:featuredmedia":[{"embeddable":true,"href":"https:\/\/www.maslesvinyes.com\/es\/wp-json\/wp\/v2\/media\/74060"}],"wp:attachment":[{"href":"https:\/\/www.maslesvinyes.com\/es\/wp-json\/wp\/v2\/media?parent=75345"}],"wp:term":[{"taxonomy":"portfolio_category","embeddable":true,"href":"https:\/\/www.maslesvinyes.com\/es\/wp-json\/wp\/v2\/portfolio_category?post=75345"}],"curies":[{"name":"wp","href":"https:\/\/api.w.org\/{rel}","templated":true}]}}